{"id":11583,"date":"2023-08-16T14:50:08","date_gmt":"2023-08-16T12:50:08","guid":{"rendered":"https:\/\/ekomfort.lu\/shop\/beltfalset-schwarz-der-schwarze-vegane-lederguertel-fuer-frauen-im-laessigen-und-verantwortungsbewussten-stil"},"modified":"2024-07-01T12:06:46","modified_gmt":"2024-07-01T10:06:46","slug":"beltfalset-schwarz-der-schwarze-vegane-lederguertel-fuer-frauen-im-laessigen-und-verantwortungsbewussten-stil","status":"publish","type":"product","link":"https:\/\/ekomfort.lu\/de\/shop\/beltfalset-schwarz-der-schwarze-vegane-lederguertel-fuer-frauen-im-laessigen-und-verantwortungsbewussten-stil\/","title":{"rendered":"BeltFalset Schwarz: Der schwarze vegane Lederg\u00fcrtel f\u00fcr Frauen im l\u00e4ssigen und verantwortungsbewussten Stil"},"content":{"rendered":"\n<p>Tr\u00e4umen Sie von einem l\u00e4ssigen Stil, w\u00e4hrend Sie Ihrer ethischen Kleidung treu bleiben? Sie legen Wert auf Qualit\u00e4t und Innovation, ohne dabei Ihr Engagement f\u00fcr die Umwelt zu beeintr\u00e4chtigen?<\/p>\n\n\n\n<p>Entdecken Sie den <strong>BeltFalset Schwarz<\/strong>: den <strong>veganen schwarzen Lederg\u00fcrtel<\/strong> f\u00fcr Frauen, der Ihren Stil, Ihren Komfort und Ihr \u00f6kologisches Bewusstsein hervorhebt.<\/p>\n\n\n\n<p>W\u00e4hlen Sie den <strong>veganen schwarzen Lederg\u00fcrtel<\/strong> <strong>BeltFalset Black<\/strong> und genie\u00dfen Sie:<\/p>\n\n\n<style>.wp-block-kadence-iconlist.kt-svg-icon-list-items11583_71617c-05:not(.this-stops-third-party-issues){margin-top:0px;margin-bottom:0px;}.wp-block-kadence-iconlist.kt-svg-icon-list-items11583_71617c-05 ul.kt-svg-icon-list:not(.this-prevents-issues):not(.this-stops-third-party-issues):not(.tijsloc){margin-top:0px;margin-right:0px;margin-bottom:var(--global-kb-spacing-sm, 1.5rem);margin-left:0px;}.wp-block-kadence-iconlist.kt-svg-icon-list-items11583_71617c-05 ul.kt-svg-icon-list{grid-row-gap:5px;}.wp-block-kadence-iconlist.kt-svg-icon-list-items11583_71617c-05 .kb-svg-icon-wrap{font-size:18px;color:var(--global-palette1, #3182CE);}.wp-block-kadence-iconlist.kt-svg-icon-list-items11583_71617c-05 ul.kt-svg-icon-list .kt-svg-icon-list-item-wrap .kt-svg-icon-list-single{margin-right:10px;}.kt-svg-icon-list-items11583_71617c-05 ul.kt-svg-icon-list .kt-svg-icon-list-level-0 .kt-svg-icon-list-single svg{font-size:20px;}<\/style>\n<div class=\"wp-block-kadence-iconlist kt-svg-icon-list-items kt-svg-icon-list-items11583_71617c-05 kt-svg-icon-list-columns-1 alignnone\"><ul class=\"kt-svg-icon-list\"><style>.kt-svg-icon-list-item-4471_da7c34-ff .kt-svg-icon-list-text mark.kt-highlight{background-color:unset;font-style:normal;color:#f76a0c;-webkit-box-decoration-break:clone;box-decoration-break:clone;padding-top:0px;padding-right:0px;padding-bottom:0px;padding-left:0px;}<\/style>\n<li class=\"wp-block-kadence-listitem kt-svg-icon-list-item-wrap kt-svg-icon-list-item-4471_da7c34-ff\"><span class=\"kb-svg-icon-wrap kb-svg-icon-fe_checkCircle kt-svg-icon-list-single\"><svg viewBox=\"0 0 24 24\"  fill=\"none\" stroke=\"currentColor\" stroke-width=\"3\" stroke-linecap=\"round\" stroke-linejoin=\"round\" xmlns=\"http:\/\/www.w3.org\/2000\/svg\"  aria-hidden=\"true\"><path d=\"M22 11.08V12a10 10 0 1 1-5.93-9.14\"\/><polyline points=\"22 4 12 14.01 9 11.01\"\/><\/svg><\/span><span class=\"kt-svg-icon-list-text\">Der Komfort eines d\u00fcnnen <strong>veganen Lederg\u00fcrtels f\u00fcr Damen<\/strong>, hergestellt aus veganem Nubukleder, einem innovativen Material, das respektvoll gegen\u00fcber Tieren ist und leicht am Taillenumfang ist.<\/span><\/li>\n\n\n<style>.kt-svg-icon-list-item-4471_345e21-1c .kt-svg-icon-list-text mark.kt-highlight{background-color:unset;font-style:normal;color:#f76a0c;-webkit-box-decoration-break:clone;box-decoration-break:clone;padding-top:0px;padding-right:0px;padding-bottom:0px;padding-left:0px;}<\/style>\n<li class=\"wp-block-kadence-listitem kt-svg-icon-list-item-wrap kt-svg-icon-list-item-4471_345e21-1c\"><span class=\"kb-svg-icon-wrap kb-svg-icon-fe_checkCircle kt-svg-icon-list-single\"><svg viewBox=\"0 0 24 24\"  fill=\"none\" stroke=\"currentColor\" stroke-width=\"3\" stroke-linecap=\"round\" stroke-linejoin=\"round\" xmlns=\"http:\/\/www.w3.org\/2000\/svg\"  aria-hidden=\"true\"><path d=\"M22 11.08V12a10 10 0 1 1-5.93-9.14\"\/><polyline points=\"22 4 12 14.01 9 11.01\"\/><\/svg><\/span><span class=\"kt-svg-icon-list-text\">Der Charme eines l\u00e4ssigen Looks, der durch ein geometrisches Design, das Pflastersteine imitiert, aufgewertet wird, f\u00fchrt zu einem Ergebnis, das sowohl schlicht als auch markant ist.<\/span><\/li>\n\n\n<style>.kt-svg-icon-list-item-4471_510567-76 .kt-svg-icon-list-text mark.kt-highlight{background-color:unset;font-style:normal;color:#f76a0c;-webkit-box-decoration-break:clone;box-decoration-break:clone;padding-top:0px;padding-right:0px;padding-bottom:0px;padding-left:0px;}<\/style>\n<li class=\"wp-block-kadence-listitem kt-svg-icon-list-item-wrap kt-svg-icon-list-item-4471_510567-76\"><span class=\"kb-svg-icon-wrap kb-svg-icon-fe_checkCircle kt-svg-icon-list-single\"><svg viewBox=\"0 0 24 24\"  fill=\"none\" stroke=\"currentColor\" stroke-width=\"3\" stroke-linecap=\"round\" stroke-linejoin=\"round\" xmlns=\"http:\/\/www.w3.org\/2000\/svg\"  aria-hidden=\"true\"><path d=\"M22 11.08V12a10 10 0 1 1-5.93-9.14\"\/><polyline points=\"22 4 12 14.01 9 11.01\"\/><\/svg><\/span><span class=\"kt-svg-icon-list-text\">Die Anziehungskraft eines Sattelst\u00fccks und einer <strong>nickelfreier Silberg\u00fcrtelschnalle<\/strong> f\u00fcr eine makellose Verarbeitung und bemerkenswerten Stil.<\/span><\/li>\n<\/ul><\/div>\n\n\n\n<p>Ohne dabei deinen Stil zu beeintr\u00e4chtigen, ohne Grausamkeit gegen\u00fcber Tieren, ohne jegliche Bedauern&#8230;<\/p>\n\n\n\n<p>F\u00fcr den Preis eines Kinobesuchs investieren Sie in einen hochwertigen G\u00fcrtel, der Ihre Pers\u00f6nlichkeit symbolisiert und zu einer besseren Welt beitr\u00e4gt.<\/p>\n\n\n\n<p>Alles bereit, um deinen Stil und dein Engagement auf eine neue Ebene zu heben? Die Best\u00e4nde von <strong>BeltFalset Black<\/strong> gehen schnell zur Neige und die Nachfrage ist hoch. Verpassen Sie nicht die Gelegenheit, Teil derjenigen zu sein, die den Unterschied machen!<\/p>\n","protected":false},"excerpt":{"rendered":"<p>Tr\u00e4umen Sie von einem l\u00e4ssigen Stil, w\u00e4hrend Sie Ihrer ethischen Kleidung treu bleiben? Sie legen Wert auf Qualit\u00e4t und Innovation, ohne dabei Ihr Engagement f\u00fcr die Umwelt zu beeintr\u00e4chtigen? Entdecken Sie den BeltFalset Schwarz: den veganen schwarzen Lederg\u00fcrtel f\u00fcr Frauen, der Ihren Stil, Ihren Komfort und Ihr \u00f6kologisches Bewusstsein hervorhebt. W\u00e4hlen Sie den veganen schwarzen&#8230;<\/p>\n","protected":false},"featured_media":8108,"comment_status":"open","ping_status":"closed","template":"","meta":{"_acf_changed":false,"_kad_blocks_custom_css":"","_kad_blocks_head_custom_js":"","_kad_blocks_body_custom_js":"","_kad_blocks_footer_custom_js":"","_kad_post_transparent":"","_kad_post_title":"","_kad_post_layout":"","_kad_post_sidebar_id":"","_kad_post_content_style":"","_kad_post_vertical_padding":"","_kad_post_feature":"","_kad_post_feature_position":"","_kad_post_header":false,"_kad_post_footer":false,"_kad_post_classname":""},"product_brand":[],"product_cat":[491,454],"product_tag":[447],"product_brands":[685],"class_list":{"0":"post-11583","1":"product","2":"type-product","3":"status-publish","4":"has-post-thumbnail","6":"product_cat-gurtel","7":"product_cat-accessoires-de","8":"product_tag-frau","9":"product_brands-nae-vegan-shoes-de","11":"first","12":"outofstock","13":"taxable","14":"shipping-taxable","15":"purchasable","16":"product-type-variable","17":"has-default-attributes","18":"entry","19":"content-bg","20":"loop-entry"},"acf":{"avantages":"\ud83c\udf3f Riemenmaterial: Umweltfreundliches Nobuk-Vegan aus Mikrofasern. Frei von giftigen Stoffen, hypoallergen, antibakteriell und antimikrobiell.\r\n\r\n\ud83c\udf0e Umweltfreundlicher Herstellungsprozess: Keine CO2-Emissionen, kein Wasserverbrauch und kein Energieverschwendung.\r\n\r\n\ud83d\udd12 Verschluss: Runde, glatte silberne Metallschnalle ohne Nickel f\u00fcr ein elegantes Finish.\r\n\r\n\ud83d\udc5e Zehenkappe: Sattlertyp f\u00fcr einen eleganten und klassischen Look.\r\n\r\n\ud83d\udccf Riemenbreite: 1,2 Zoll f\u00fcr optimalen Komfort.\ud83c\uddea\ud83c\uddf8 Hergestellt in Spanien: Mit Liebe und Fachkenntnis in Spanien hergestellt. Umweltfreundliche Materialien und Herstellungsprozesse unter fairen Arbeitsbedingungen.","entretien":"1. Reinigen Sie das Produkt mit einem in Seifenwasser getr\u00e4nkten Tuch.\r\n\r\n2. Verwenden Sie f\u00fcr hartn\u00e4ckige Flecken eine weiche Schuhb\u00fcrste, ebenfalls in Seifenwasser getr\u00e4nkt, und reiben Sie sanft in kreisenden Bewegungen.\r\n\r\n3. Entfernen Sie die Seife mit einem feuchten Tuch.\r\n\r\n4. Lassen Sie das Produkt 24 Stunden lang an der Luft trocknen, ohne es direkter Sonneneinstrahlung auszusetzen.Achtung:\r\n\r\n\u2022 Verwenden Sie keine Reinigungscreme.\r\n\r\n\u2022 Geben Sie dieses Produkt nicht in die Waschmaschine.\r\n\r\n\u2022 Tauchen Sie es nicht in Wasser ein, da es irreparable Sch\u00e4den erleiden k\u00f6nnte.Wenn Sie der Meinung sind, dass Ihr veganes Produkt das Ende seiner Lebensdauer erreicht hat oder Sie es nicht mehr ben\u00f6tigen, erw\u00e4gen Sie, ihm ein zweites Leben zu schenken. Verwenden Sie es auf eine andere Weise selbst oder lassen Sie jemand anderen davon profitieren.","marque":""},"taxonomy_info":{"product_cat":[{"value":491,"label":"G\u00fcrtel"},{"value":454,"label":"Accessoires"}],"product_tag":[{"value":447,"label":"Damenboutique"}],"product_brands":[{"value":685,"label":"NAE Vegan Shoes"}]},"featured_image_src_large":["https:\/\/ekomfort.lu\/wp-content\/uploads\/2023\/08\/beltfalset-black-1024x1024.jpg",1024,1024,true],"author_info":[],"comment_info":0,"_links":{"self":[{"href":"https:\/\/ekomfort.lu\/de\/wp-json\/wp\/v2\/product\/11583","targetHints":{"allow":["GET"]}}],"collection":[{"href":"https:\/\/ekomfort.lu\/de\/wp-json\/wp\/v2\/product"}],"about":[{"href":"https:\/\/ekomfort.lu\/de\/wp-json\/wp\/v2\/types\/product"}],"replies":[{"embeddable":true,"href":"https:\/\/ekomfort.lu\/de\/wp-json\/wp\/v2\/comments?post=11583"}],"wp:featuredmedia":[{"embeddable":true,"href":"https:\/\/ekomfort.lu\/de\/wp-json\/wp\/v2\/media\/8108"}],"wp:attachment":[{"href":"https:\/\/ekomfort.lu\/de\/wp-json\/wp\/v2\/media?parent=11583"}],"wp:term":[{"taxonomy":"product_brand","embeddable":true,"href":"https:\/\/ekomfort.lu\/de\/wp-json\/wp\/v2\/product_brand?post=11583"},{"taxonomy":"product_cat","embeddable":true,"href":"https:\/\/ekomfort.lu\/de\/wp-json\/wp\/v2\/product_cat?post=11583"},{"taxonomy":"product_tag","embeddable":true,"href":"https:\/\/ekomfort.lu\/de\/wp-json\/wp\/v2\/product_tag?post=11583"},{"taxonomy":"product_brands","embeddable":true,"href":"https:\/\/ekomfort.lu\/de\/wp-json\/wp\/v2\/product_brands?post=11583"}],"curies":[{"name":"wp","href":"https:\/\/api.w.org\/{rel}","templated":true}]}}