{"id":10767,"date":"2023-08-16T14:50:20","date_gmt":"2023-08-16T12:50:20","guid":{"rendered":"https:\/\/ekomfort.lu\/shop\/schwarze-oekologisch-verantwortliche-paris-black-stiefel-von-nae-nachhaltige-eleganz-bei-jedem-schritt"},"modified":"2024-07-01T12:11:43","modified_gmt":"2024-07-01T10:11:43","slug":"schwarze-oekologisch-verantwortliche-paris-black-stiefel-von-nae-nachhaltige-eleganz-bei-jedem-schritt","status":"publish","type":"product","link":"https:\/\/ekomfort.lu\/de\/shop\/schwarze-oekologisch-verantwortliche-paris-black-stiefel-von-nae-nachhaltige-eleganz-bei-jedem-schritt\/","title":{"rendered":"Schwarze \u00f6kologisch verantwortliche Paris Black Stiefel von Nae: Nachhaltige Eleganz bei jedem Schritt"},"content":{"rendered":"\n<p>Tr\u00e4umen Sie von einem Paar <strong>hohen veganen Lederschuhen<\/strong>, die Ihren Stil ausdr\u00fccken und gleichzeitig Ihren ethischen Werten treu bleiben? Suchen Sie die perfekte Balance zwischen Komfort, Langlebigkeit und Umweltbewusstsein?<\/p>\n\n\n\n<p>Meet the <strong>Paris Black Bottes noires \u00e9co-responsables<\/strong> by Nae: eine harmonische Fusion aus veganem Leder, das so weich wie Veloursleder ist, kombiniert mit einem k\u00fchnen und verf\u00fchrerischen Look.<\/p>\n\n\n\n<p>Mit diesen hohen <strong>Paris Black<\/strong> Stiefeln k\u00f6nnen Sie:<\/p>\n\n\n<style>.wp-block-kadence-iconlist.kt-svg-icon-list-items10767_64d674-86:not(.this-stops-third-party-issues){margin-top:0px;margin-bottom:0px;}.wp-block-kadence-iconlist.kt-svg-icon-list-items10767_64d674-86 ul.kt-svg-icon-list:not(.this-prevents-issues):not(.this-stops-third-party-issues):not(.tijsloc){margin-top:0px;margin-right:0px;margin-bottom:var(--global-kb-spacing-sm, 1.5rem);margin-left:0px;}.wp-block-kadence-iconlist.kt-svg-icon-list-items10767_64d674-86 ul.kt-svg-icon-list{grid-row-gap:5px;}.wp-block-kadence-iconlist.kt-svg-icon-list-items10767_64d674-86 .kb-svg-icon-wrap{font-size:18px;color:var(--global-palette1, #3182CE);}.wp-block-kadence-iconlist.kt-svg-icon-list-items10767_64d674-86 ul.kt-svg-icon-list .kt-svg-icon-list-item-wrap .kt-svg-icon-list-single{margin-right:10px;}.kt-svg-icon-list-items10767_64d674-86 ul.kt-svg-icon-list .kt-svg-icon-list-level-0 .kt-svg-icon-list-single svg{font-size:20px;}<\/style>\n<div class=\"wp-block-kadence-iconlist kt-svg-icon-list-items kt-svg-icon-list-items10767_64d674-86 kt-svg-icon-list-columns-1 alignnone\"><ul class=\"kt-svg-icon-list\"><style>.kt-svg-icon-list-item-4554_3de13f-f7 .kt-svg-icon-list-text mark.kt-highlight{background-color:unset;font-style:normal;color:#f76a0c;-webkit-box-decoration-break:clone;box-decoration-break:clone;padding-top:0px;padding-right:0px;padding-bottom:0px;padding-left:0px;}<\/style>\n<li class=\"wp-block-kadence-listitem kt-svg-icon-list-item-wrap kt-svg-icon-list-item-4554_3de13f-f7\"><span class=\"kb-svg-icon-wrap kb-svg-icon-fe_checkCircle kt-svg-icon-list-single\"><svg viewBox=\"0 0 24 24\"  fill=\"none\" stroke=\"currentColor\" stroke-width=\"3\" stroke-linecap=\"round\" stroke-linejoin=\"round\" xmlns=\"http:\/\/www.w3.org\/2000\/svg\"  aria-hidden=\"true\"><path d=\"M22 11.08V12a10 10 0 1 1-5.93-9.14\"\/><polyline points=\"22 4 12 14.01 9 11.01\"\/><\/svg><\/span><span class=\"kt-svg-icon-list-text\">Betonen Sie Ihren Glanz und Ihr Selbstbewusstsein mit einem Stiefel, der den Komfort von veganem Leder mit der Robustheit einer verst\u00e4rkten Spitze und Ferse vereint.<\/span><\/li>\n\n\n<style>.kt-svg-icon-list-item-4554_fae151-c3 .kt-svg-icon-list-text mark.kt-highlight{background-color:unset;font-style:normal;color:#f76a0c;-webkit-box-decoration-break:clone;box-decoration-break:clone;padding-top:0px;padding-right:0px;padding-bottom:0px;padding-left:0px;}<\/style>\n<li class=\"wp-block-kadence-listitem kt-svg-icon-list-item-wrap kt-svg-icon-list-item-4554_fae151-c3\"><span class=\"kb-svg-icon-wrap kb-svg-icon-fe_checkCircle kt-svg-icon-list-single\"><svg viewBox=\"0 0 24 24\"  fill=\"none\" stroke=\"currentColor\" stroke-width=\"3\" stroke-linecap=\"round\" stroke-linejoin=\"round\" xmlns=\"http:\/\/www.w3.org\/2000\/svg\"  aria-hidden=\"true\"><path d=\"M22 11.08V12a10 10 0 1 1-5.93-9.14\"\/><polyline points=\"22 4 12 14.01 9 11.01\"\/><\/svg><\/span><span class=\"kt-svg-icon-list-text\">Genie\u00dfen Sie den Luxus einer Stiefel, der sich perfekt an Ihre Morphologie anpasst, dank eines <strong>elastischen<\/strong> Schafts, der leicht und widerstandsf\u00e4hig ist.<\/span><\/li>\n\n\n<style>.kt-svg-icon-list-item-4554_2b84a3-c8 .kt-svg-icon-list-text mark.kt-highlight{background-color:unset;font-style:normal;color:#f76a0c;-webkit-box-decoration-break:clone;box-decoration-break:clone;padding-top:0px;padding-right:0px;padding-bottom:0px;padding-left:0px;}<\/style>\n<li class=\"wp-block-kadence-listitem kt-svg-icon-list-item-wrap kt-svg-icon-list-item-4554_2b84a3-c8\"><span class=\"kb-svg-icon-wrap kb-svg-icon-fe_checkCircle kt-svg-icon-list-single\"><svg viewBox=\"0 0 24 24\"  fill=\"none\" stroke=\"currentColor\" stroke-width=\"3\" stroke-linecap=\"round\" stroke-linejoin=\"round\" xmlns=\"http:\/\/www.w3.org\/2000\/svg\"  aria-hidden=\"true\"><path d=\"M22 11.08V12a10 10 0 1 1-5.93-9.14\"\/><polyline points=\"22 4 12 14.01 9 11.01\"\/><\/svg><\/span><span class=\"kt-svg-icon-list-text\">Stellen Sie sich vor, wie einfach diese Stiefel mit Rei\u00dfverschluss zu Ihrer Garderobe passen werden, egal ob Sie einen modernen oder traditionellen Look bevorzugen.<\/span><\/li>\n<\/ul><\/div>\n\n\n\n<p>Ohne Grausamkeit, ohne giftige Chemikalien und ohne Kompromisse beim Komfort oder der \u00c4sthetik&#8230;<\/p>\n\n\n\n<p>F\u00fcr den Preis eines Theaterbesuchs investieren Sie in ein Paar Stiefel, das nicht nur Ihren Stil aufwertet, sondern auch zu einem verantwortungsvolleren Handeln beitr\u00e4gt.<\/p>\n\n\n\n<p>Dann sind Sie bereit, den mutigen Schritt zu einem ethischeren und eleganteren Lebensstil mit den <strong>Paris Black<\/strong> ? Diese Stiefel sind sehr gefragt und die Best\u00e4nde schwinden schnell. Lassen Sie sich die Gelegenheit nicht entgehen, sie zu adoptieren!<\/p>\n","protected":false},"excerpt":{"rendered":"<p>Tr\u00e4umen Sie von einem Paar hohen veganen Lederschuhen, die Ihren Stil ausdr\u00fccken und gleichzeitig Ihren ethischen Werten treu bleiben? Suchen Sie die perfekte Balance zwischen Komfort, Langlebigkeit und Umweltbewusstsein? Meet the Paris Black Bottes noires \u00e9co-responsables by Nae: eine harmonische Fusion aus veganem Leder, das so weich wie Veloursleder ist, kombiniert mit einem k\u00fchnen und&#8230;<\/p>\n","protected":false},"featured_media":8338,"comment_status":"open","ping_status":"closed","template":"","meta":{"_acf_changed":false,"_kad_blocks_custom_css":"","_kad_blocks_head_custom_js":"","_kad_blocks_body_custom_js":"","_kad_blocks_footer_custom_js":"","_kad_post_transparent":"","_kad_post_title":"","_kad_post_layout":"","_kad_post_sidebar_id":"","_kad_post_content_style":"","_kad_post_vertical_padding":"","_kad_post_feature":"","_kad_post_feature_position":"","_kad_post_header":false,"_kad_post_footer":false,"_kad_post_classname":""},"product_brand":[],"product_cat":[414,413],"product_tag":[447],"product_brands":[685],"class_list":{"0":"post-10767","1":"product","2":"type-product","3":"status-publish","4":"has-post-thumbnail","6":"product_cat-stiefel","7":"product_cat-schuhe-fuer-maenner-und-frauen","8":"product_tag-frau","9":"product_brands-nae-vegan-shoes-de","11":"first","12":"outofstock","13":"taxable","14":"shipping-taxable","15":"purchasable","16":"product-type-variable","17":"has-default-attributes","18":"entry","19":"content-bg","20":"loop-entry"},"acf":{"avantages":"\ud83c\udf3f Schaft und Futter aus Mikrofaser f\u00fcr garantierte Umweltvertr\u00e4glichkeit.\r\n\r\n\ud83d\udca7 Wasserdicht, atmungsaktiv, antimikrobiell und hypoallergen f\u00fcr optimalen Komfort und Hygiene.\r\n\r\n\ud83d\udd12 Nickelfreie Metallrei\u00dfverschl\u00fcsse, um Reizungen und allergische Reaktionen zu vermeiden.\r\n\r\n\ud83d\udc5f Gepolsterte Einlegesohle aus feuchtigkeitsabweisendem EVA-Gummi f\u00fcr bessere D\u00e4mpfung und Feuchtigkeitsschutz.\r\n\r\n\u2b50 Langlebige TR-Gummilaufsohle mit rutschfestem Profil f\u00fcr optimale Haftung und Haltbarkeit.\r\n\r\n\ud83d\udcaa Breiter 3 cm Absatz f\u00fcr mehr Stabilit\u00e4t und Komfort.\ud83c\uddf5\ud83c\uddf9 Mit Liebe und Fachkenntnis in Portugal unter fairen Arbeitsbedingungen hergestellt. Verwendung umweltfreundlicher Materialien.","entretien":"Pflegetipps:1. Entfernen Sie Staub und Schmutz von Ihren veganen Stiefeln vorsichtig mit einem trockenen Tuch.\r\n\r\n2. Reinigen Sie sie mit einem Tuch, das mit Seifenwasser getr\u00e4nkt ist. Tauchen Sie sie niemals vollst\u00e4ndig ein, da dies zu irreparablen Sch\u00e4den f\u00fchren k\u00f6nnte.\r\n\r\n3. Lassen Sie sie nat\u00fcrlich 24 Stunden lang trocknen.\r\n\r\n4. Verwenden Sie keine Reinigungscreme.Produktlebensdauer:Wenn Sie der Meinung sind, dass Ihre veganen Stiefel das Ende ihrer Lebensdauer erreicht haben oder Sie sie nicht mehr ben\u00f6tigen, erw\u00e4gen Sie, ihnen ein zweites Leben zu geben. Verwenden Sie sie auf eine andere Weise selbst oder geben Sie sie jemand anderem.","marque":""},"taxonomy_info":{"product_cat":[{"value":414,"label":"Stiefel"},{"value":413,"label":"Schuhe"}],"product_tag":[{"value":447,"label":"Damenboutique"}],"product_brands":[{"value":685,"label":"NAE Vegan Shoes"}]},"featured_image_src_large":["https:\/\/ekomfort.lu\/wp-content\/uploads\/2023\/08\/Paris_Black-bottes-genoux-daim-vegan.jpg",700,700,false],"author_info":[],"comment_info":0,"_links":{"self":[{"href":"https:\/\/ekomfort.lu\/de\/wp-json\/wp\/v2\/product\/10767","targetHints":{"allow":["GET"]}}],"collection":[{"href":"https:\/\/ekomfort.lu\/de\/wp-json\/wp\/v2\/product"}],"about":[{"href":"https:\/\/ekomfort.lu\/de\/wp-json\/wp\/v2\/types\/product"}],"replies":[{"embeddable":true,"href":"https:\/\/ekomfort.lu\/de\/wp-json\/wp\/v2\/comments?post=10767"}],"wp:featuredmedia":[{"embeddable":true,"href":"https:\/\/ekomfort.lu\/de\/wp-json\/wp\/v2\/media\/8338"}],"wp:attachment":[{"href":"https:\/\/ekomfort.lu\/de\/wp-json\/wp\/v2\/media?parent=10767"}],"wp:term":[{"taxonomy":"product_brand","embeddable":true,"href":"https:\/\/ekomfort.lu\/de\/wp-json\/wp\/v2\/product_brand?post=10767"},{"taxonomy":"product_cat","embeddable":true,"href":"https:\/\/ekomfort.lu\/de\/wp-json\/wp\/v2\/product_cat?post=10767"},{"taxonomy":"product_tag","embeddable":true,"href":"https:\/\/ekomfort.lu\/de\/wp-json\/wp\/v2\/product_tag?post=10767"},{"taxonomy":"product_brands","embeddable":true,"href":"https:\/\/ekomfort.lu\/de\/wp-json\/wp\/v2\/product_brands?post=10767"}],"curies":[{"name":"wp","href":"https:\/\/api.w.org\/{rel}","templated":true}]}}